{"id":109,"date":"2024-04-11T11:46:17","date_gmt":"2024-04-11T09:46:17","guid":{"rendered":"http:\/\/jeromelorge.archi\/?page_id=109"},"modified":"2026-04-24T16:50:18","modified_gmt":"2026-04-24T14:50:18","slug":"les-projets","status":"publish","type":"page","link":"https:\/\/jeromelorge.archi\/index.php\/les-projets\/","title":{"rendered":"LES PROJETS"},"content":{"rendered":"\t\t<div data-elementor-type=\"wp-page\" data-elementor-id=\"109\" class=\"elementor elementor-109\">\n\t\t\t\t<div class=\"elementor-element elementor-element-305ba92 e-flex e-con-boxed e-con e-parent\" data-id=\"305ba92\" data-element_type=\"container\" data-e-type=\"container\">\n\t\t\t\t\t<div class=\"e-con-inner\">\n\t\t\t\t<div class=\"elementor-element elementor-element-7c1736b elementor-widget elementor-widget-heading\" data-id=\"7c1736b\" data-element_type=\"widget\" data-e-type=\"widget\" data-widget_type=\"heading.default\">\n\t\t\t\t<div class=\"elementor-widget-container\">\n\t\t\t\t\t<h1 class=\"elementor-heading-title elementor-size-default\">LES PROJETS JL ARCHITECTES<\/h1>\t\t\t\t<\/div>\n\t\t\t\t<\/div>\n\t\t\t\t\t<\/div>\n\t\t\t\t<\/div>\n\t\t<div class=\"elementor-element elementor-element-41cc29a e-flex e-con-boxed e-con e-parent\" data-id=\"41cc29a\" data-element_type=\"container\" data-e-type=\"container\">\n\t\t\t\t\t<div class=\"e-con-inner\">\n\t\t\t\t<div class=\"elementor-element elementor-element-2f98ef1 elementor-widget elementor-widget-text-editor\" data-id=\"2f98ef1\" data-element_type=\"widget\" data-e-type=\"widget\" data-widget_type=\"text-editor.default\">\n\t\t\t\t<div class=\"elementor-widget-container\">\n\t\t\t\t\t\t\t\t\t<p>L&rsquo;agence JL Architectes Bordeaux est sp\u00e9cialis\u00e9e dans le logement. Vous pouvez ci-dessous acc\u00e9der \u00e0 nos projets mis en ligne.<\/p>\t\t\t\t\t\t\t\t<\/div>\n\t\t\t\t<\/div>\n\t\t\t\t\t<\/div>\n\t\t\t\t<\/div>\n\t\t<div class=\"elementor-element elementor-element-96023a7 e-flex e-con-boxed e-con e-parent\" data-id=\"96023a7\" data-element_type=\"container\" data-e-type=\"container\">\n\t\t\t\t\t<div class=\"e-con-inner\">\n\t\t<div class=\"elementor-element elementor-element-700da46 e-con-full e-flex e-con e-child\" data-id=\"700da46\" data-element_type=\"container\" data-e-type=\"container\">\n\t\t\t\t<div class=\"elementor-element elementor-element-f4e7b3a elementor-widget elementor-widget-image\" data-id=\"f4e7b3a\" data-element_type=\"widget\" data-e-type=\"widget\" data-widget_type=\"image.default\">\n\t\t\t\t<div class=\"elementor-widget-container\">\n\t\t\t\t\t\t\t\t\t\t\t\t<figure class=\"wp-caption\">\n\t\t\t\t\t\t\t\t\t\t\t<a href=\"https:\/\/jeromelorge.archi\/index.php\/residence-sansaumoine\/\">\n\t\t\t\t\t\t\t<img decoding=\"async\" src=\"https:\/\/jeromelorge.archi\/wp-content\/uploads\/elementor\/thumbs\/COEUR-DILOT-2-2bis-rcuxuxq0lbsnid31yeg3m6fptmbpa3k2m7hrljbp6o.jpg\" title=\"COEUR D&rsquo;ILOT collectif\" alt=\"Sansaumoine, 2025, 115 logements, JL Architectes\" loading=\"lazy\" \/>\t\t\t\t\t\t\t\t<\/a>\n\t\t\t\t\t\t\t\t\t\t\t<figcaption class=\"widget-image-caption wp-caption-text\">R\u00e9sidence  Sansaumoine<\/figcaption>\n\t\t\t\t\t\t\t\t\t\t<\/figure>\n\t\t\t\t\t\t\t\t\t<\/div>\n\t\t\t\t<\/div>\n\t\t\t\t<\/div>\n\t\t<div class=\"elementor-element elementor-element-8a5151c e-con-full e-flex e-con e-child\" data-id=\"8a5151c\" data-element_type=\"container\" data-e-type=\"container\">\n\t\t\t\t<div class=\"elementor-element elementor-element-e3467bc elementor-widget elementor-widget-image\" data-id=\"e3467bc\" data-element_type=\"widget\" data-e-type=\"widget\" data-widget_type=\"image.default\">\n\t\t\t\t<div class=\"elementor-widget-container\">\n\t\t\t\t\t\t\t\t\t\t\t\t<figure class=\"wp-caption\">\n\t\t\t\t\t\t\t\t\t\t\t<a href=\"https:\/\/jeromelorge.archi\/index.php\/residence-terracotta\/\">\n\t\t\t\t\t\t\t<img decoding=\"async\" src=\"https:\/\/jeromelorge.archi\/wp-content\/uploads\/elementor\/thumbs\/DSC03175bis-1-rct05u9fb3162noqbbwlau98p3c9cdmbbc2ku9l4jk.jpg\" title=\"Terr&rsquo;Acotta livraison\" alt=\"Terr&#039;Acotta, 2025, Pessac, JL Architectes\" loading=\"lazy\" \/>\t\t\t\t\t\t\t\t<\/a>\n\t\t\t\t\t\t\t\t\t\t\t<figcaption class=\"widget-image-caption wp-caption-text\">R\u00e9sidence Terr'Acotta - Pessac<\/figcaption>\n\t\t\t\t\t\t\t\t\t\t<\/figure>\n\t\t\t\t\t\t\t\t\t<\/div>\n\t\t\t\t<\/div>\n\t\t\t\t<\/div>\n\t\t<div class=\"elementor-element elementor-element-b348490 e-con-full e-flex e-con e-child\" data-id=\"b348490\" data-element_type=\"container\" data-e-type=\"container\">\n\t\t\t\t<div class=\"elementor-element elementor-element-2008f96 elementor-widget elementor-widget-image\" data-id=\"2008f96\" data-element_type=\"widget\" data-e-type=\"widget\" data-widget_type=\"image.default\">\n\t\t\t\t<div class=\"elementor-widget-container\">\n\t\t\t\t\t\t\t\t\t\t\t\t<figure class=\"wp-caption\">\n\t\t\t\t\t\t\t\t\t\t\t<a href=\"https:\/\/jeromelorge.archi\/index.php\/residence-tchanka\/\">\n\t\t\t\t\t\t\t<img decoding=\"async\" src=\"https:\/\/jeromelorge.archi\/wp-content\/uploads\/elementor\/thumbs\/Perspective-Perspective-Collectif-socialbis-scaled-rcv1xb58uk63gcgx8o6mw8przovdxanbeopryqao8w.jpg\" title=\"Perspective collectif\" alt=\"Tchanka, 2025, 123 logements, JL Architectes\" loading=\"lazy\" \/>\t\t\t\t\t\t\t\t<\/a>\n\t\t\t\t\t\t\t\t\t\t\t<figcaption class=\"widget-image-caption wp-caption-text\">R\u00e9sidence Tchanka<\/figcaption>\n\t\t\t\t\t\t\t\t\t\t<\/figure>\n\t\t\t\t\t\t\t\t\t<\/div>\n\t\t\t\t<\/div>\n\t\t\t\t<\/div>\n\t\t<div class=\"elementor-element elementor-element-452188c e-con-full e-flex e-con e-child\" data-id=\"452188c\" data-element_type=\"container\" data-e-type=\"container\">\n\t\t\t\t<div class=\"elementor-element elementor-element-1dfc595 elementor-widget elementor-widget-image\" data-id=\"1dfc595\" data-element_type=\"widget\" data-e-type=\"widget\" data-widget_type=\"image.default\">\n\t\t\t\t<div class=\"elementor-widget-container\">\n\t\t\t\t\t\t\t\t\t\t\t\t<figure class=\"wp-caption\">\n\t\t\t\t\t\t\t\t\t\t\t<a href=\"https:\/\/jeromelorge.archi\/index.php\/residence-quintessence\/\">\n\t\t\t\t\t\t\t<img decoding=\"async\" src=\"https:\/\/jeromelorge.archi\/wp-content\/uploads\/elementor\/thumbs\/DSC02914bis-1-scaled-rct3vaejlbpodnug2iissny4tfl95eefbud8nhpz5s.jpg\" title=\"Quintessence chantier\" alt=\"Quintessence, 2025, Pessac, JL Architectes\" loading=\"lazy\" \/>\t\t\t\t\t\t\t\t<\/a>\n\t\t\t\t\t\t\t\t\t\t\t<figcaption class=\"widget-image-caption wp-caption-text\">R\u00e9sidence Quintessence - Pessac<\/figcaption>\n\t\t\t\t\t\t\t\t\t\t<\/figure>\n\t\t\t\t\t\t\t\t\t<\/div>\n\t\t\t\t<\/div>\n\t\t\t\t<\/div>\n\t\t<div class=\"elementor-element elementor-element-5884386 e-con-full e-flex e-con e-child\" data-id=\"5884386\" data-element_type=\"container\" data-e-type=\"container\">\n\t\t\t\t<div class=\"elementor-element elementor-element-a6bd492 elementor-widget elementor-widget-image\" data-id=\"a6bd492\" data-element_type=\"widget\" data-e-type=\"widget\" data-widget_type=\"image.default\">\n\t\t\t\t<div class=\"elementor-widget-container\">\n\t\t\t\t\t\t\t\t\t\t\t\t<figure class=\"wp-caption\">\n\t\t\t\t\t\t\t\t\t\t\t<a href=\"https:\/\/jeromelorge.archi\/index.php\/residence-nuances\/\">\n\t\t\t\t\t\t\t<img decoding=\"async\" src=\"https:\/\/jeromelorge.archi\/wp-content\/uploads\/elementor\/thumbs\/DSC04440-lgt-scaled-rmheobu3vo8b8wgked9f57054p1c8bcxbr4yvytx6o.png\" title=\"Nuances Livraison\" alt=\"Nuances, 18 maisons group\u00e9es, 20256, JL Architectes\" loading=\"lazy\" \/>\t\t\t\t\t\t\t\t<\/a>\n\t\t\t\t\t\t\t\t\t\t\t<figcaption class=\"widget-image-caption wp-caption-text\">R\u00e9sidence Nuances - Villenave d'Ornon<\/figcaption>\n\t\t\t\t\t\t\t\t\t\t<\/figure>\n\t\t\t\t\t\t\t\t\t<\/div>\n\t\t\t\t<\/div>\n\t\t\t\t<\/div>\n\t\t<div class=\"elementor-element elementor-element-c10f6fe e-con-full e-flex e-con e-child\" data-id=\"c10f6fe\" data-element_type=\"container\" data-e-type=\"container\">\n\t\t\t\t<div class=\"elementor-element elementor-element-8f43c38 elementor-widget elementor-widget-image\" data-id=\"8f43c38\" data-element_type=\"widget\" data-e-type=\"widget\" data-widget_type=\"image.default\">\n\t\t\t\t<div class=\"elementor-widget-container\">\n\t\t\t\t\t\t\t\t\t\t\t\t<figure class=\"wp-caption\">\n\t\t\t\t\t\t\t\t\t\t\t<a href=\"https:\/\/jeromelorge.archi\/index.php\/residence-cote-de-lempereur\/\">\n\t\t\t\t\t\t\t<img decoding=\"async\" src=\"https:\/\/jeromelorge.archi\/wp-content\/uploads\/elementor\/thumbs\/IMAGES_7-Photo-LEGERbis-rcy7h0o005xnc4uew3tyr810kb2p37kh2ythzfer0g.jpg\" title=\"Image Ambares EH\" alt=\"Ambares, 2025,34 logements, JL Architectes\" loading=\"lazy\" \/>\t\t\t\t\t\t\t\t<\/a>\n\t\t\t\t\t\t\t\t\t\t\t<figcaption class=\"widget-image-caption wp-caption-text\">R\u00e9sidence 32 logements - Ambar\u00e8s-et-Lagrave<\/figcaption>\n\t\t\t\t\t\t\t\t\t\t<\/figure>\n\t\t\t\t\t\t\t\t\t<\/div>\n\t\t\t\t<\/div>\n\t\t\t\t<\/div>\n\t\t<div class=\"elementor-element elementor-element-67502e3 e-con-full e-flex e-con e-child\" data-id=\"67502e3\" data-element_type=\"container\" data-e-type=\"container\">\n\t\t\t\t<div class=\"elementor-element elementor-element-2e1f974 elementor-widget elementor-widget-image\" data-id=\"2e1f974\" data-element_type=\"widget\" data-e-type=\"widget\" data-widget_type=\"image.default\">\n\t\t\t\t<div class=\"elementor-widget-container\">\n\t\t\t\t\t\t\t\t\t\t\t\t<figure class=\"wp-caption\">\n\t\t\t\t\t\t\t\t\t\t\t<a href=\"https:\/\/jeromelorge.archi\/index.php\/residence-lessor\/\">\n\t\t\t\t\t\t\t<img decoding=\"async\" src=\"https:\/\/jeromelorge.archi\/wp-content\/uploads\/elementor\/thumbs\/067bis-rct5hwm7sdyee8p8sco8sdfyfgoa5w3tpyyb1ot54w.jpg\" title=\"Chantier Essor\" alt=\"Essor, 2025, Rodez, JL Architectes\" loading=\"lazy\" \/>\t\t\t\t\t\t\t\t<\/a>\n\t\t\t\t\t\t\t\t\t\t\t<figcaption class=\"widget-image-caption wp-caption-text\">R\u00e9sidence l'Essor - Rodez<\/figcaption>\n\t\t\t\t\t\t\t\t\t\t<\/figure>\n\t\t\t\t\t\t\t\t\t<\/div>\n\t\t\t\t<\/div>\n\t\t\t\t<\/div>\n\t\t<div class=\"elementor-element elementor-element-75ca8bb e-con-full e-flex e-con e-child\" data-id=\"75ca8bb\" data-element_type=\"container\" data-e-type=\"container\">\n\t\t\t\t<div class=\"elementor-element elementor-element-5ffad8b elementor-widget elementor-widget-image\" data-id=\"5ffad8b\" data-element_type=\"widget\" data-e-type=\"widget\" data-widget_type=\"image.default\">\n\t\t\t\t<div class=\"elementor-widget-container\">\n\t\t\t\t\t\t\t\t\t\t\t\t<figure class=\"wp-caption\">\n\t\t\t\t\t\t\t\t\t\t\t<a href=\"https:\/\/jeromelorge.archi\/index.php\/residence-19logements\/\">\n\t\t\t\t\t\t\t<img decoding=\"async\" src=\"https:\/\/jeromelorge.archi\/wp-content\/uploads\/elementor\/thumbs\/photo-et-plan-de-masse_12-Photobis-scaled-rct6h3onp24x4lkr9kdc5hpb6v72dvtzw6ctyomg5c.jpg\" title=\"Izon Perspective\" alt=\"Izon, 2025, 19 logements, JL Architectes\" loading=\"lazy\" \/>\t\t\t\t\t\t\t\t<\/a>\n\t\t\t\t\t\t\t\t\t\t\t<figcaption class=\"widget-image-caption wp-caption-text\">R\u00e9sidence 19 logements - Izon<\/figcaption>\n\t\t\t\t\t\t\t\t\t\t<\/figure>\n\t\t\t\t\t\t\t\t\t<\/div>\n\t\t\t\t<\/div>\n\t\t\t\t<\/div>\n\t\t<div class=\"elementor-element elementor-element-835adef e-con-full e-flex e-con e-child\" data-id=\"835adef\" data-element_type=\"container\" data-e-type=\"container\">\n\t\t\t\t<div class=\"elementor-element elementor-element-f370354 elementor-widget elementor-widget-image\" data-id=\"f370354\" data-element_type=\"widget\" data-e-type=\"widget\" data-widget_type=\"image.default\">\n\t\t\t\t<div class=\"elementor-widget-container\">\n\t\t\t\t\t\t\t\t\t\t\t\t<figure class=\"wp-caption\">\n\t\t\t\t\t\t\t\t\t\t\t<a href=\"https:\/\/jeromelorge.archi\/index.php\/residence-les-jardins-darcadia\/\">\n\t\t\t\t\t\t\t<img decoding=\"async\" src=\"https:\/\/jeromelorge.archi\/wp-content\/uploads\/elementor\/thumbs\/Vue_1bis-scaled-rdadd4vooftlxol2iqdobpb29dqy4b0qs3oj1fsny8.jpg\" title=\"Val de Virv\u00e9e Puyfaure\" alt=\"Val de Virv\u00e9e,20 logements, 2025, JL Architectes\" loading=\"lazy\" \/>\t\t\t\t\t\t\t\t<\/a>\n\t\t\t\t\t\t\t\t\t\t\t<figcaption class=\"widget-image-caption wp-caption-text\">R\u00e9sidence Les Jardins d'Arcadia - Val-de-Virv\u00e9e<\/figcaption>\n\t\t\t\t\t\t\t\t\t\t<\/figure>\n\t\t\t\t\t\t\t\t\t<\/div>\n\t\t\t\t<\/div>\n\t\t\t\t<\/div>\n\t\t<div class=\"elementor-element elementor-element-90d60a6 e-con-full e-flex e-con e-child\" data-id=\"90d60a6\" data-element_type=\"container\" data-e-type=\"container\">\n\t\t\t\t<div class=\"elementor-element elementor-element-84079f2 elementor-widget elementor-widget-image\" data-id=\"84079f2\" data-element_type=\"widget\" data-e-type=\"widget\" data-widget_type=\"image.default\">\n\t\t\t\t<div class=\"elementor-widget-container\">\n\t\t\t\t\t\t\t\t\t\t\t\t<figure class=\"wp-caption\">\n\t\t\t\t\t\t\t\t\t\t\t<a href=\"https:\/\/jeromelorge.archi\/index.php\/residence-galgon\/\">\n\t\t\t\t\t\t\t<img decoding=\"async\" src=\"https:\/\/jeromelorge.archi\/wp-content\/uploads\/elementor\/thumbs\/Villenave-Galgon-Faille-scaled-qqtm9xx568t3711xlkjy9hj0kw4w1w744ynxt25nb4.webp\" title=\"R\u00c9SIDENCE GALGON\" alt=\"R\u00c9SIDENCE GALGON\" loading=\"lazy\" \/>\t\t\t\t\t\t\t\t<\/a>\n\t\t\t\t\t\t\t\t\t\t\t<figcaption class=\"widget-image-caption wp-caption-text\">R\u00e9sidence Galgon - Villenave d'Ornon<\/figcaption>\n\t\t\t\t\t\t\t\t\t\t<\/figure>\n\t\t\t\t\t\t\t\t\t<\/div>\n\t\t\t\t<\/div>\n\t\t\t\t<\/div>\n\t\t<div class=\"elementor-element elementor-element-7ca9672 e-con-full e-flex e-con e-child\" data-id=\"7ca9672\" data-element_type=\"container\" data-e-type=\"container\">\n\t\t\t\t<div class=\"elementor-element elementor-element-1ed7ab1 elementor-widget elementor-widget-image\" data-id=\"1ed7ab1\" data-element_type=\"widget\" data-e-type=\"widget\" data-widget_type=\"image.default\">\n\t\t\t\t<div class=\"elementor-widget-container\">\n\t\t\t\t\t\t\t\t\t\t\t\t<figure class=\"wp-caption\">\n\t\t\t\t\t\t\t\t\t\t\t<a href=\"https:\/\/jeromelorge.archi\/index.php\/residence-couleur-jardin\/\">\n\t\t\t\t\t\t\t<img decoding=\"async\" src=\"https:\/\/jeromelorge.archi\/wp-content\/uploads\/elementor\/thumbs\/LT03-qqtiovows64r2iiu8a72ejzk9a9k60twq5yumbinnk.webp\" title=\"R\u00c9SIDENCE COULEUR JARDIN\" alt=\"R\u00c9SIDENCE COULEUR JARDIN\" loading=\"lazy\" \/>\t\t\t\t\t\t\t\t<\/a>\n\t\t\t\t\t\t\t\t\t\t\t<figcaption class=\"widget-image-caption wp-caption-text\">R\u00e9sidence Couleur Jardin - Taillan-M\u00e9doc<\/figcaption>\n\t\t\t\t\t\t\t\t\t\t<\/figure>\n\t\t\t\t\t\t\t\t\t<\/div>\n\t\t\t\t<\/div>\n\t\t\t\t<\/div>\n\t\t<div class=\"elementor-element elementor-element-baed29b e-con-full e-flex e-con e-child\" data-id=\"baed29b\" data-element_type=\"container\" data-e-type=\"container\">\n\t\t\t\t<div class=\"elementor-element elementor-element-bdc6f50 elementor-widget elementor-widget-image\" data-id=\"bdc6f50\" data-element_type=\"widget\" data-e-type=\"widget\" data-widget_type=\"image.default\">\n\t\t\t\t<div class=\"elementor-widget-container\">\n\t\t\t\t\t\t\t\t\t\t\t\t<figure class=\"wp-caption\">\n\t\t\t\t\t\t\t\t\t\t\t<a href=\"https:\/\/jeromelorge.archi\/index.php\/residence-horizon\/\">\n\t\t\t\t\t\t\t<img decoding=\"async\" src=\"https:\/\/jeromelorge.archi\/wp-content\/uploads\/elementor\/thumbs\/Audenge_VueJardin_web-qqtgthngsrvooyesqniz526v1sf7b8ap4m6mz5frr4.webp\" title=\"R\u00c9SIDENCE HORIZON\" alt=\"R\u00c9SIDENCE HORIZON\" loading=\"lazy\" \/>\t\t\t\t\t\t\t\t<\/a>\n\t\t\t\t\t\t\t\t\t\t\t<figcaption class=\"widget-image-caption wp-caption-text\">R\u00e9sidence Horizon - Audenge<\/figcaption>\n\t\t\t\t\t\t\t\t\t\t<\/figure>\n\t\t\t\t\t\t\t\t\t<\/div>\n\t\t\t\t<\/div>\n\t\t\t\t<\/div>\n\t\t<div class=\"elementor-element elementor-element-e075575 e-con-full e-flex e-con e-child\" data-id=\"e075575\" data-element_type=\"container\" data-e-type=\"container\">\n\t\t\t\t<div class=\"elementor-element elementor-element-0d880d5 elementor-widget elementor-widget-image\" data-id=\"0d880d5\" data-element_type=\"widget\" data-e-type=\"widget\" data-widget_type=\"image.default\">\n\t\t\t\t<div class=\"elementor-widget-container\">\n\t\t\t\t\t\t\t\t\t\t\t\t<figure class=\"wp-caption\">\n\t\t\t\t\t\t\t\t\t\t\t<a href=\"https:\/\/jeromelorge.archi\/index.php\/residence-le-trefle-jl-architectes\/\">\n\t\t\t\t\t\t\t<img decoding=\"async\" src=\"https:\/\/jeromelorge.archi\/wp-content\/uploads\/elementor\/thumbs\/DSC02571-copie-2-scaled-qqtganxtx83y63r7o0kypb7iqz7k5gk87ftjyncmdc.webp\" title=\"R\u00c9SIDENCE LE TR\u00c8FLE\" alt=\"R\u00c9SIDENCE LE TR\u00c8FLE\" loading=\"lazy\" \/>\t\t\t\t\t\t\t\t<\/a>\n\t\t\t\t\t\t\t\t\t\t\t<figcaption class=\"widget-image-caption wp-caption-text\">R\u00e9sidence Le Tr\u00e8fle - Aucamville<\/figcaption>\n\t\t\t\t\t\t\t\t\t\t<\/figure>\n\t\t\t\t\t\t\t\t\t<\/div>\n\t\t\t\t<\/div>\n\t\t\t\t<\/div>\n\t\t<div class=\"elementor-element elementor-element-5ade8f4 e-con-full e-flex e-con e-child\" data-id=\"5ade8f4\" data-element_type=\"container\" data-e-type=\"container\">\n\t\t\t\t<div class=\"elementor-element elementor-element-e681320 elementor-widget elementor-widget-image\" data-id=\"e681320\" data-element_type=\"widget\" data-e-type=\"widget\" data-widget_type=\"image.default\">\n\t\t\t\t<div class=\"elementor-widget-container\">\n\t\t\t\t\t\t\t\t\t\t\t\t<figure class=\"wp-caption\">\n\t\t\t\t\t\t\t\t\t\t\t<a href=\"https:\/\/jeromelorge.archi\/index.php\/residence-etudiante\/\">\n\t\t\t\t\t\t\t<img decoding=\"async\" src=\"https:\/\/jeromelorge.archi\/wp-content\/uploads\/elementor\/thumbs\/Image2-1-scaled-qqt8o808hmf2csed7vxd72ditxwhqw1kt2own89p34.webp\" title=\"R\u00c9SIDENCE \u00c9TUDIANTE\" alt=\"R\u00c9SIDENCE \u00c9TUDIANTE\" loading=\"lazy\" \/>\t\t\t\t\t\t\t\t<\/a>\n\t\t\t\t\t\t\t\t\t\t\t<figcaption class=\"widget-image-caption wp-caption-text\">R\u00e9sidence \u00c9tudiante - Caud\u00e9ran<\/figcaption>\n\t\t\t\t\t\t\t\t\t\t<\/figure>\n\t\t\t\t\t\t\t\t\t<\/div>\n\t\t\t\t<\/div>\n\t\t\t\t<\/div>\n\t\t<div class=\"elementor-element elementor-element-2d91da7 e-con-full e-flex e-con e-child\" data-id=\"2d91da7\" data-element_type=\"container\" data-e-type=\"container\">\n\t\t\t\t<div class=\"elementor-element elementor-element-96c415b elementor-widget elementor-widget-image\" data-id=\"96c415b\" data-element_type=\"widget\" data-e-type=\"widget\" data-widget_type=\"image.default\">\n\t\t\t\t<div class=\"elementor-widget-container\">\n\t\t\t\t\t\t\t\t\t\t\t\t<figure class=\"wp-caption\">\n\t\t\t\t\t\t\t\t\t\t\t<a href=\"https:\/\/jeromelorge.archi\/index.php\/residence-in-city\/\">\n\t\t\t\t\t\t\t<img decoding=\"async\" src=\"https:\/\/jeromelorge.archi\/wp-content\/uploads\/elementor\/thumbs\/1698399589609-qqta5xi8ztxvqodulloy60gorj6ika9fuwmotemvk0.webp\" title=\"R\u00c9SIDENCE IN CITY\" alt=\"R\u00c9SIDENCE IN CITY\" loading=\"lazy\" \/>\t\t\t\t\t\t\t\t<\/a>\n\t\t\t\t\t\t\t\t\t\t\t<figcaption class=\"widget-image-caption wp-caption-text\">R\u00e9sidence In City - Mont-De-Marsan<\/figcaption>\n\t\t\t\t\t\t\t\t\t\t<\/figure>\n\t\t\t\t\t\t\t\t\t<\/div>\n\t\t\t\t<\/div>\n\t\t\t\t<\/div>\n\t\t<div class=\"elementor-element elementor-element-c768103 e-con-full e-flex e-con e-child\" data-id=\"c768103\" data-element_type=\"container\" data-e-type=\"container\">\n\t\t\t\t<div class=\"elementor-element elementor-element-a5d33a9 elementor-widget elementor-widget-image\" data-id=\"a5d33a9\" data-element_type=\"widget\" data-e-type=\"widget\" data-widget_type=\"image.default\">\n\t\t\t\t<div class=\"elementor-widget-container\">\n\t\t\t\t\t\t\t\t\t\t\t\t<figure class=\"wp-caption\">\n\t\t\t\t\t\t\t\t\t\t\t<a href=\"https:\/\/jeromelorge.archi\/index.php\/residence-cote-village\/\">\n\t\t\t\t\t\t\t<img decoding=\"async\" src=\"https:\/\/jeromelorge.archi\/wp-content\/uploads\/elementor\/thumbs\/DSC03760bis-rcxzla3uzjiopmzmpyj6lbmx63kyke5dqlfzti3z9c.jpg\" title=\"Photo Biscarosse\" alt=\"C\u00f4t\u00e9 village, 2025,12 logements, JL Architectes\" loading=\"lazy\" \/>\t\t\t\t\t\t\t\t<\/a>\n\t\t\t\t\t\t\t\t\t\t\t<figcaption class=\"widget-image-caption wp-caption-text\">R\u00e9sidence C\u00f4t\u00e9 Village - Biscarosse<\/figcaption>\n\t\t\t\t\t\t\t\t\t\t<\/figure>\n\t\t\t\t\t\t\t\t\t<\/div>\n\t\t\t\t<\/div>\n\t\t\t\t<\/div>\n\t\t<div class=\"elementor-element elementor-element-bb02960 e-con-full e-flex e-con e-child\" data-id=\"bb02960\" data-element_type=\"container\" data-e-type=\"container\">\n\t\t\t\t<div class=\"elementor-element elementor-element-855303f elementor-widget elementor-widget-image\" data-id=\"855303f\" data-element_type=\"widget\" data-e-type=\"widget\" data-widget_type=\"image.default\">\n\t\t\t\t<div class=\"elementor-widget-container\">\n\t\t\t\t\t\t\t\t\t\t\t\t<figure class=\"wp-caption\">\n\t\t\t\t\t\t\t\t\t\t\t<a href=\"https:\/\/jeromelorge.archi\/index.php\/residence-fort-bayard\/\">\n\t\t\t\t\t\t\t<img decoding=\"async\" src=\"https:\/\/jeromelorge.archi\/wp-content\/uploads\/elementor\/thumbs\/DSC03973bis-rcy1685v17h2369t72oi5gb8rgwhw97ykg9zhzocao.jpg\" title=\"Photo Branne\" alt=\"Fort Bayard, 2024,48 logements, JL Architectes\" loading=\"lazy\" \/>\t\t\t\t\t\t\t\t<\/a>\n\t\t\t\t\t\t\t\t\t\t\t<figcaption class=\"widget-image-caption wp-caption-text\">R\u00e9sidence Fort-Bayard - Branne<\/figcaption>\n\t\t\t\t\t\t\t\t\t\t<\/figure>\n\t\t\t\t\t\t\t\t\t<\/div>\n\t\t\t\t<\/div>\n\t\t\t\t<\/div>\n\t\t<div class=\"elementor-element elementor-element-4493e02 e-con-full e-flex e-con e-child\" data-id=\"4493e02\" data-element_type=\"container\" data-e-type=\"container\">\n\t\t\t\t<div class=\"elementor-element elementor-element-ca5eda9 elementor-widget elementor-widget-image\" data-id=\"ca5eda9\" data-element_type=\"widget\" data-e-type=\"widget\" data-widget_type=\"image.default\">\n\t\t\t\t<div class=\"elementor-widget-container\">\n\t\t\t\t\t\t\t\t\t\t\t\t<figure class=\"wp-caption\">\n\t\t\t\t\t\t\t\t\t\t\t<a href=\"https:\/\/jeromelorge.archi\/index.php\/residence-lubesia\/\">\n\t\t\t\t\t\t\t<img decoding=\"async\" src=\"https:\/\/jeromelorge.archi\/wp-content\/uploads\/elementor\/thumbs\/DSC04017bis-rcy30c57ppz2nu8r5nfvirqcv31v9vobno3emlnio0.jpg\" title=\"Photo Lub\u00e9sia\" alt=\"Lub\u00e9sia, 2024,32 logements, JL Architectes\" loading=\"lazy\" \/>\t\t\t\t\t\t\t\t<\/a>\n\t\t\t\t\t\t\t\t\t\t\t<figcaption class=\"widget-image-caption wp-caption-text\">R\u00e9sidence Lubesia - Saint-Loub\u00e8s<\/figcaption>\n\t\t\t\t\t\t\t\t\t\t<\/figure>\n\t\t\t\t\t\t\t\t\t<\/div>\n\t\t\t\t<\/div>\n\t\t\t\t<\/div>\n\t\t<div class=\"elementor-element elementor-element-3d5ad54 e-con-full e-flex e-con e-child\" data-id=\"3d5ad54\" data-element_type=\"container\" data-e-type=\"container\">\n\t\t\t\t<div class=\"elementor-element elementor-element-1fff860 elementor-widget elementor-widget-image\" data-id=\"1fff860\" data-element_type=\"widget\" data-e-type=\"widget\" data-widget_type=\"image.default\">\n\t\t\t\t<div class=\"elementor-widget-container\">\n\t\t\t\t\t\t\t\t\t\t\t\t<figure class=\"wp-caption\">\n\t\t\t\t\t\t\t\t\t\t\t<a href=\"https:\/\/jeromelorge.archi\/index.php\/residence-les-hauts-de-cossio\/\">\n\t\t\t\t\t\t\t<img decoding=\"async\" src=\"https:\/\/jeromelorge.archi\/wp-content\/uploads\/elementor\/thumbs\/19017_SYNONYM_Bazas_Illu1_01_150dpi-1-qqti9rgcv3fqcahdi8y2svbob6s1d9tbnc8pr3xlq8.webp\" title=\"R\u00c9SIDENCE LES-HAUTS-DE-COSSIO\" alt=\"R\u00c9SIDENCE LES-HAUTS-DE-COSSIO\" loading=\"lazy\" \/>\t\t\t\t\t\t\t\t<\/a>\n\t\t\t\t\t\t\t\t\t\t\t<figcaption class=\"widget-image-caption wp-caption-text\">R\u00e9sidence les Hauts-de-Cossio - Bazas<\/figcaption>\n\t\t\t\t\t\t\t\t\t\t<\/figure>\n\t\t\t\t\t\t\t\t\t<\/div>\n\t\t\t\t<\/div>\n\t\t\t\t<\/div>\n\t\t<div class=\"elementor-element elementor-element-d1f47bb e-con-full e-flex e-con e-child\" data-id=\"d1f47bb\" data-element_type=\"container\" data-e-type=\"container\">\n\t\t\t\t<div class=\"elementor-element elementor-element-6d38e3b elementor-widget elementor-widget-image\" data-id=\"6d38e3b\" data-element_type=\"widget\" data-e-type=\"widget\" data-widget_type=\"image.default\">\n\t\t\t\t<div class=\"elementor-widget-container\">\n\t\t\t\t\t\t\t\t\t\t\t\t<figure class=\"wp-caption\">\n\t\t\t\t\t\t\t\t\t\t\t<a href=\"https:\/\/jeromelorge.archi\/index.php\/residence-opus-one\/\">\n\t\t\t\t\t\t\t<img decoding=\"async\" src=\"https:\/\/jeromelorge.archi\/wp-content\/uploads\/elementor\/thumbs\/DSC08067-qqtcqnb54iv2xzpi76h5m46i6s6wthca9t7vyz5vsw.webp\" title=\"R\u00c9SIDENCE OPUS ONE\" alt=\"R\u00c9SIDENCE OPUS ONE\" loading=\"lazy\" \/>\t\t\t\t\t\t\t\t<\/a>\n\t\t\t\t\t\t\t\t\t\t\t<figcaption class=\"widget-image-caption wp-caption-text\">R\u00e9sidence Opus One - Gujan-Mestras<\/figcaption>\n\t\t\t\t\t\t\t\t\t\t<\/figure>\n\t\t\t\t\t\t\t\t\t<\/div>\n\t\t\t\t<\/div>\n\t\t\t\t<\/div>\n\t\t<div class=\"elementor-element elementor-element-f07a149 e-con-full e-flex e-con e-child\" data-id=\"f07a149\" data-element_type=\"container\" data-e-type=\"container\">\n\t\t\t\t<div class=\"elementor-element elementor-element-aea8c6e elementor-widget elementor-widget-image\" data-id=\"aea8c6e\" data-element_type=\"widget\" data-e-type=\"widget\" data-widget_type=\"image.default\">\n\t\t\t\t<div class=\"elementor-widget-container\">\n\t\t\t\t\t\t\t\t\t\t\t\t<figure class=\"wp-caption\">\n\t\t\t\t\t\t\t\t\t\t\t<a href=\"https:\/\/jeromelorge.archi\/index.php\/residence-les-ecumes\/\">\n\t\t\t\t\t\t\t<img decoding=\"async\" src=\"https:\/\/jeromelorge.archi\/wp-content\/uploads\/elementor\/thumbs\/JARD_3-Photo-Light-scaled-qqtdzkzduedjywfqt3q3b9ysiwplskqc47yiw6jccg.webp\" title=\"R\u00c9SIDENCE LES \u00c9CUMES\" alt=\"R\u00c9SIDENCE LES \u00c9CUMES\" loading=\"lazy\" \/>\t\t\t\t\t\t\t\t<\/a>\n\t\t\t\t\t\t\t\t\t\t\t<figcaption class=\"widget-image-caption wp-caption-text\">R\u00e9sidence Les \u00c9cumes - Jard-sur-Mer<\/figcaption>\n\t\t\t\t\t\t\t\t\t\t<\/figure>\n\t\t\t\t\t\t\t\t\t<\/div>\n\t\t\t\t<\/div>\n\t\t\t\t<\/div>\n\t\t<div class=\"elementor-element elementor-element-fdf7201 e-con-full e-flex e-con e-child\" data-id=\"fdf7201\" data-element_type=\"container\" data-e-type=\"container\">\n\t\t\t\t<div class=\"elementor-element elementor-element-552e366 elementor-widget elementor-widget-image\" data-id=\"552e366\" data-element_type=\"widget\" data-e-type=\"widget\" data-widget_type=\"image.default\">\n\t\t\t\t<div class=\"elementor-widget-container\">\n\t\t\t\t\t\t\t\t\t\t\t\t<figure class=\"wp-caption\">\n\t\t\t\t\t\t\t\t\t\t\t<a href=\"https:\/\/jeromelorge.archi\/index.php\/logements-collectifs\/\">\n\t\t\t\t\t\t\t<img decoding=\"async\" src=\"https:\/\/jeromelorge.archi\/wp-content\/uploads\/elementor\/thumbs\/DSC05928-L-qqt8seeev44xyebwtoxoa0f9vlb7ygmmpr2lfi2pfk.webp\" title=\"LOGEMENTS COLLECTIFS\" alt=\"LOGEMENTS COLLECTIFS\" loading=\"lazy\" \/>\t\t\t\t\t\t\t\t<\/a>\n\t\t\t\t\t\t\t\t\t\t\t<figcaption class=\"widget-image-caption wp-caption-text\">Logements Collectifs - Bordeaux<\/figcaption>\n\t\t\t\t\t\t\t\t\t\t<\/figure>\n\t\t\t\t\t\t\t\t\t<\/div>\n\t\t\t\t<\/div>\n\t\t\t\t<\/div>\n\t\t<div class=\"elementor-element elementor-element-70c3026 e-con-full e-flex e-con e-child\" data-id=\"70c3026\" data-element_type=\"container\" data-e-type=\"container\">\n\t\t\t\t<div class=\"elementor-element elementor-element-823e5c4 elementor-widget elementor-widget-image\" data-id=\"823e5c4\" data-element_type=\"widget\" data-e-type=\"widget\" data-widget_type=\"image.default\">\n\t\t\t\t<div class=\"elementor-widget-container\">\n\t\t\t\t\t\t\t\t\t\t\t\t<figure class=\"wp-caption\">\n\t\t\t\t\t\t\t\t\t\t\t<a href=\"https:\/\/jeromelorge.archi\/index.php\/residence-lalchimie\/\">\n\t\t\t\t\t\t\t<img decoding=\"async\" src=\"https:\/\/jeromelorge.archi\/wp-content\/uploads\/elementor\/thumbs\/NEXITY-CASTELNAU-124-scaled-qqtii7286kzcic8d9e6ko8pk6n7lfiamh2yjrhffwg.webp\" title=\"NEXITY CASTELNAU (124)\" alt=\"NEXITY CASTELNAU (124)\" loading=\"lazy\" \/>\t\t\t\t\t\t\t\t<\/a>\n\t\t\t\t\t\t\t\t\t\t\t<figcaption class=\"widget-image-caption wp-caption-text\">R\u00e9sidence L'Alchimie - Castelnau M\u00e9doc <\/figcaption>\n\t\t\t\t\t\t\t\t\t\t<\/figure>\n\t\t\t\t\t\t\t\t\t<\/div>\n\t\t\t\t<\/div>\n\t\t\t\t<\/div>\n\t\t<div class=\"elementor-element elementor-element-c2375dd e-con-full e-flex e-con e-child\" data-id=\"c2375dd\" data-element_type=\"container\" data-e-type=\"container\">\n\t\t\t\t<div class=\"elementor-element elementor-element-935b485 elementor-widget elementor-widget-image\" data-id=\"935b485\" data-element_type=\"widget\" data-e-type=\"widget\" data-widget_type=\"image.default\">\n\t\t\t\t<div class=\"elementor-widget-container\">\n\t\t\t\t\t\t\t\t\t\t\t\t<figure class=\"wp-caption\">\n\t\t\t\t\t\t\t\t\t\t\t<a href=\"https:\/\/jeromelorge.archi\/index.php\/residence-grignols\/\">\n\t\t\t\t\t\t\t<img decoding=\"async\" src=\"https:\/\/jeromelorge.archi\/wp-content\/uploads\/elementor\/thumbs\/Insertion-qmlvmnr6bgjv6vtnbqr7c9g2zizozjcw7oq3zywk00.png\" title=\"R\u00c9SIDENCE GRIGNOLS\" alt=\"R\u00c9SIDENCE GRIGNOLS\" loading=\"lazy\" \/>\t\t\t\t\t\t\t\t<\/a>\n\t\t\t\t\t\t\t\t\t\t\t<figcaption class=\"widget-image-caption wp-caption-text\">R\u00e9sidence Grignols - Grignols<\/figcaption>\n\t\t\t\t\t\t\t\t\t\t<\/figure>\n\t\t\t\t\t\t\t\t\t<\/div>\n\t\t\t\t<\/div>\n\t\t\t\t<\/div>\n\t\t<div class=\"elementor-element elementor-element-a0c8f62 e-con-full e-flex e-con e-child\" data-id=\"a0c8f62\" data-element_type=\"container\" data-e-type=\"container\">\n\t\t\t\t<div class=\"elementor-element elementor-element-a6a3cd1 elementor-widget elementor-widget-image\" data-id=\"a6a3cd1\" data-element_type=\"widget\" data-e-type=\"widget\" data-widget_type=\"image.default\">\n\t\t\t\t<div class=\"elementor-widget-container\">\n\t\t\t\t\t\t\t\t\t\t\t\t<figure class=\"wp-caption\">\n\t\t\t\t\t\t\t\t\t\t\t<a href=\"https:\/\/jeromelorge.archi\/index.php\/residence-le-petit-maine\/\">\n\t\t\t\t\t\t\t<img decoding=\"async\" src=\"https:\/\/jeromelorge.archi\/wp-content\/uploads\/elementor\/thumbs\/DSC04152-scaled-qqtgcvu4255bkyj5ph49391p8q9rbqdeuf9tr625og.webp\" title=\"DSC04152\" alt=\"DSC04152\" loading=\"lazy\" \/>\t\t\t\t\t\t\t\t<\/a>\n\t\t\t\t\t\t\t\t\t\t\t<figcaption class=\"widget-image-caption wp-caption-text\">R\u00e9sidence Le Petit Maine - Champcevinel<\/figcaption>\n\t\t\t\t\t\t\t\t\t\t<\/figure>\n\t\t\t\t\t\t\t\t\t<\/div>\n\t\t\t\t<\/div>\n\t\t\t\t<\/div>\n\t\t<div class=\"elementor-element elementor-element-5c89937 e-con-full e-flex e-con e-child\" data-id=\"5c89937\" data-element_type=\"container\" data-e-type=\"container\">\n\t\t\t\t<div class=\"elementor-element elementor-element-27ce72f elementor-widget elementor-widget-image\" data-id=\"27ce72f\" data-element_type=\"widget\" data-e-type=\"widget\" data-widget_type=\"image.default\">\n\t\t\t\t<div class=\"elementor-widget-container\">\n\t\t\t\t\t\t\t\t\t\t\t\t<figure class=\"wp-caption\">\n\t\t\t\t\t\t\t\t\t\t\t<a href=\"https:\/\/jeromelorge.archi\/index.php\/residence-villa-prevert\/\">\n\t\t\t\t\t\t\t<img decoding=\"async\" src=\"https:\/\/jeromelorge.archi\/wp-content\/uploads\/elementor\/thumbs\/st-Jean-Vue-02-qqt930yq4oon7ow7rsatytvvnexlz9tducl7r4bh34.webp\" title=\"R\u00c9SIDENCE VILLA PR\u00c9VERT\" alt=\"R\u00c9SIDENCE VILLA PR\u00c9VERT\" loading=\"lazy\" \/>\t\t\t\t\t\t\t\t<\/a>\n\t\t\t\t\t\t\t\t\t\t\t<figcaption class=\"widget-image-caption wp-caption-text\">R\u00e9sidence Villa Pr\u00e9vert -  Saint Jean d'Illac<\/figcaption>\n\t\t\t\t\t\t\t\t\t\t<\/figure>\n\t\t\t\t\t\t\t\t\t<\/div>\n\t\t\t\t<\/div>\n\t\t\t\t<\/div>\n\t\t<div class=\"elementor-element elementor-element-700d24a e-con-full e-flex e-con e-child\" data-id=\"700d24a\" data-element_type=\"container\" data-e-type=\"container\">\n\t\t\t\t<div class=\"elementor-element elementor-element-9eba263 elementor-widget elementor-widget-image\" data-id=\"9eba263\" data-element_type=\"widget\" data-e-type=\"widget\" data-widget_type=\"image.default\">\n\t\t\t\t<div class=\"elementor-widget-container\">\n\t\t\t\t\t\t\t\t\t\t\t\t<figure class=\"wp-caption\">\n\t\t\t\t\t\t\t\t\t\t\t<a href=\"https:\/\/jeromelorge.archi\/index.php\/residence-sauzelle\/\">\n\t\t\t\t\t\t\t<img decoding=\"async\" src=\"https:\/\/jeromelorge.archi\/wp-content\/uploads\/elementor\/thumbs\/JL_Sauzelle-02-qqt8j3rva3ev57tz3oahmcv6ef4ju7q6rqtqkzuuyo.webp\" title=\"R\u00c9SIDENCE SAUZELLE\" alt=\"Images JL Architectes\" loading=\"lazy\" \/>\t\t\t\t\t\t\t\t<\/a>\n\t\t\t\t\t\t\t\t\t\t\t<figcaption class=\"widget-image-caption wp-caption-text\">R\u00e9sidence Sauzelle - Saint Georges d'Ol\u00e9ron<\/figcaption>\n\t\t\t\t\t\t\t\t\t\t<\/figure>\n\t\t\t\t\t\t\t\t\t<\/div>\n\t\t\t\t<\/div>\n\t\t\t\t<\/div>\n\t\t<div class=\"elementor-element elementor-element-11aff5f e-con-full e-flex e-con e-child\" data-id=\"11aff5f\" data-element_type=\"container\" data-e-type=\"container\">\n\t\t\t\t<div class=\"elementor-element elementor-element-2f49137 elementor-widget elementor-widget-image\" data-id=\"2f49137\" data-element_type=\"widget\" data-e-type=\"widget\" data-widget_type=\"image.default\">\n\t\t\t\t<div class=\"elementor-widget-container\">\n\t\t\t\t\t\t\t\t\t\t\t\t<figure class=\"wp-caption\">\n\t\t\t\t\t\t\t\t\t\t\t<a href=\"https:\/\/jeromelorge.archi\/index.php\/residence-intergenerationnelle-jl-architectes\/\">\n\t\t\t\t\t\t\t<img decoding=\"async\" src=\"https:\/\/jeromelorge.archi\/wp-content\/uploads\/elementor\/thumbs\/SQDB-Rendu-02-scaled-qqt8gfwbwzrm8zp8niujk125t494135keka7mrt0lc.webp\" title=\"R\u00c9SIDENCE INTER G\" alt=\"Images JL Architectes\" loading=\"lazy\" \/>\t\t\t\t\t\t\t\t<\/a>\n\t\t\t\t\t\t\t\t\t\t\t<figcaption class=\"widget-image-caption wp-caption-text\">R\u00e9sidence Inter G - Saint Quentin de Baron<\/figcaption>\n\t\t\t\t\t\t\t\t\t\t<\/figure>\n\t\t\t\t\t\t\t\t\t<\/div>\n\t\t\t\t<\/div>\n\t\t\t\t<\/div>\n\t\t<div class=\"elementor-element elementor-element-f4c8082 e-con-full e-flex e-con e-child\" data-id=\"f4c8082\" data-element_type=\"container\" data-e-type=\"container\">\n\t\t\t\t<div class=\"elementor-element elementor-element-9cfd376 elementor-widget elementor-widget-image\" data-id=\"9cfd376\" data-element_type=\"widget\" data-e-type=\"widget\" data-widget_type=\"image.default\">\n\t\t\t\t<div class=\"elementor-widget-container\">\n\t\t\t\t\t\t\t\t\t\t\t\t<figure class=\"wp-caption\">\n\t\t\t\t\t\t\t\t\t\t\t<a href=\"https:\/\/jeromelorge.archi\/index.php\/residence-bacalan\/\">\n\t\t\t\t\t\t\t<img decoding=\"async\" src=\"https:\/\/jeromelorge.archi\/wp-content\/uploads\/elementor\/thumbs\/Pessac-Bacalan-automne-copie-scaled-qqt8ptce2ilk1032x2plx5wn2g1vsfd7cyhix3wojk.webp\" title=\"R\u00c9SIDENCE BACALAN\" alt=\"Image JL Architectes\" loading=\"lazy\" \/>\t\t\t\t\t\t\t\t<\/a>\n\t\t\t\t\t\t\t\t\t\t\t<figcaption class=\"widget-image-caption wp-caption-text\">R\u00e9sidence Bacalan - Pessac<\/figcaption>\n\t\t\t\t\t\t\t\t\t\t<\/figure>\n\t\t\t\t\t\t\t\t\t<\/div>\n\t\t\t\t<\/div>\n\t\t\t\t<\/div>\n\t\t<div class=\"elementor-element elementor-element-518ffc4 e-con-full e-flex e-con e-child\" data-id=\"518ffc4\" data-element_type=\"container\" data-e-type=\"container\">\n\t\t\t\t<div class=\"elementor-element elementor-element-8d0a093 elementor-widget elementor-widget-image\" data-id=\"8d0a093\" data-element_type=\"widget\" data-e-type=\"widget\" data-widget_type=\"image.default\">\n\t\t\t\t<div class=\"elementor-widget-container\">\n\t\t\t\t\t\t\t\t\t\t\t\t<figure class=\"wp-caption\">\n\t\t\t\t\t\t\t\t\t\t\t<a href=\"https:\/\/jeromelorge.archi\/index.php\/residence-plaisance\/\">\n\t\t\t\t\t\t\t<img decoding=\"async\" src=\"https:\/\/jeromelorge.archi\/wp-content\/uploads\/elementor\/thumbs\/IMG_1725BIS-rcyfcqaatybbn0qk7qq4cmnnd4p2ebvu37jio2qwxs.png\" title=\"Plaisance photo\" alt=\"Plaisance, 2024,60 logements, JL Architectes\" loading=\"lazy\" \/>\t\t\t\t\t\t\t\t<\/a>\n\t\t\t\t\t\t\t\t\t\t\t<figcaption class=\"widget-image-caption wp-caption-text\">R\u00e9sidence Plaisance - Saint-Loub\u00e8s<\/figcaption>\n\t\t\t\t\t\t\t\t\t\t<\/figure>\n\t\t\t\t\t\t\t\t\t<\/div>\n\t\t\t\t<\/div>\n\t\t\t\t<\/div>\n\t\t<div class=\"elementor-element elementor-element-dc34218 e-con-full e-flex e-con e-child\" data-id=\"dc34218\" data-element_type=\"container\" data-e-type=\"container\">\n\t\t\t\t<div class=\"elementor-element elementor-element-d029122 elementor-widget elementor-widget-image\" data-id=\"d029122\" data-element_type=\"widget\" data-e-type=\"widget\" data-widget_type=\"image.default\">\n\t\t\t\t<div class=\"elementor-widget-container\">\n\t\t\t\t\t\t\t\t\t\t\t\t<figure class=\"wp-caption\">\n\t\t\t\t\t\t\t\t\t\t\t<a href=\"https:\/\/jeromelorge.archi\/index.php\/residence-le-belisaire\/\">\n\t\t\t\t\t\t\t<img decoding=\"async\" src=\"https:\/\/jeromelorge.archi\/wp-content\/uploads\/elementor\/thumbs\/IMG-2.1-qqtgdoz3y0aci21enh2lsrd0fd6ji4jghehjonwweo.webp\" title=\"R\u00c9SIDENCE LE B\u00c9LISAIRE\" alt=\"Perspective JL Architectes\" loading=\"lazy\" \/>\t\t\t\t\t\t\t\t<\/a>\n\t\t\t\t\t\t\t\t\t\t\t<figcaption class=\"widget-image-caption wp-caption-text\">R\u00e9sidence le B\u00e9lisaire - Poitiers<\/figcaption>\n\t\t\t\t\t\t\t\t\t\t<\/figure>\n\t\t\t\t\t\t\t\t\t<\/div>\n\t\t\t\t<\/div>\n\t\t\t\t<\/div>\n\t\t<div class=\"elementor-element elementor-element-7827331 e-con-full e-flex e-con e-child\" data-id=\"7827331\" data-element_type=\"container\" data-e-type=\"container\">\n\t\t\t\t<div class=\"elementor-element elementor-element-7214997 elementor-widget elementor-widget-image\" data-id=\"7214997\" data-element_type=\"widget\" data-e-type=\"widget\" data-widget_type=\"image.default\">\n\t\t\t\t<div class=\"elementor-widget-container\">\n\t\t\t\t\t\t\t\t\t\t\t\t<figure class=\"wp-caption\">\n\t\t\t\t\t\t\t\t\t\t\t<a href=\"https:\/\/jeromelorge.archi\/index.php\/residence-cote-de-lempereur\/\">\n\t\t\t\t\t\t\t<img decoding=\"async\" src=\"https:\/\/jeromelorge.archi\/wp-content\/uploads\/elementor\/thumbs\/FLOIRAC-RENDU-PC06-2-scaled-qqt89niak2h2edk8al7jjqqbcxpofs7csynyutvdj4.webp\" title=\"R\u00c9SIDENCE C\u00d4TE DE L&rsquo;EMPEREUR\" alt=\"R\u00c9SIDENCE C\u00d4TE DE L&#039;EMPEREUR\" loading=\"lazy\" \/>\t\t\t\t\t\t\t\t<\/a>\n\t\t\t\t\t\t\t\t\t\t\t<figcaption class=\"widget-image-caption wp-caption-text\">R\u00e9sidence C\u00f4te de l'Empereur - Floirac<\/figcaption>\n\t\t\t\t\t\t\t\t\t\t<\/figure>\n\t\t\t\t\t\t\t\t\t<\/div>\n\t\t\t\t<\/div>\n\t\t\t\t<\/div>\n\t\t<div class=\"elementor-element elementor-element-9b337b4 e-con-full e-flex e-con e-child\" data-id=\"9b337b4\" data-element_type=\"container\" data-e-type=\"container\">\n\t\t\t\t<div class=\"elementor-element elementor-element-9e74de1 elementor-widget elementor-widget-image\" data-id=\"9e74de1\" data-element_type=\"widget\" data-e-type=\"widget\" data-widget_type=\"image.default\">\n\t\t\t\t<div class=\"elementor-widget-container\">\n\t\t\t\t\t\t\t\t\t\t\t\t<figure class=\"wp-caption\">\n\t\t\t\t\t\t\t\t\t\t\t<a href=\"https:\/\/jeromelorge.archi\/index.php\/residence-hotel-et-logement\/\">\n\t\t\t\t\t\t\t<img decoding=\"async\" src=\"https:\/\/jeromelorge.archi\/wp-content\/uploads\/elementor\/thumbs\/08-VUE-DE-NUIT-qoaplpdhwp9e6xpmocqzni57gbdgb0wgwq9jkngshs.png\" title=\"H\u00d4TEL ET LOGEMENTS\" alt=\"Image JL Architectes\" loading=\"lazy\" \/>\t\t\t\t\t\t\t\t<\/a>\n\t\t\t\t\t\t\t\t\t\t\t<figcaption class=\"widget-image-caption wp-caption-text\">H\u00f4tel et logements - Le Bouscat<\/figcaption>\n\t\t\t\t\t\t\t\t\t\t<\/figure>\n\t\t\t\t\t\t\t\t\t<\/div>\n\t\t\t\t<\/div>\n\t\t\t\t<\/div>\n\t\t<div class=\"elementor-element elementor-element-c876912 e-con-full e-flex e-con e-child\" data-id=\"c876912\" data-element_type=\"container\" data-e-type=\"container\">\n\t\t\t\t<div class=\"elementor-element elementor-element-8f2b1c3 elementor-widget elementor-widget-image\" data-id=\"8f2b1c3\" data-element_type=\"widget\" data-e-type=\"widget\" data-widget_type=\"image.default\">\n\t\t\t\t<div class=\"elementor-widget-container\">\n\t\t\t\t\t\t\t\t\t\t\t\t<figure class=\"wp-caption\">\n\t\t\t\t\t\t\t\t\t\t\t<a href=\"https:\/\/jeromelorge.archi\/index.php\/pele-mele\/\">\n\t\t\t\t\t\t\t<img decoding=\"async\" src=\"https:\/\/jeromelorge.archi\/wp-content\/uploads\/elementor\/thumbs\/Vue-02-4bis-scaled-rd5bnqhv3150yqbzp6d64ehh3vh2qe48r6hymmsls0.jpg\" title=\"Pessac\" alt=\"PESSAC, 2025, JL Architectes\" loading=\"lazy\" \/>\t\t\t\t\t\t\t\t<\/a>\n\t\t\t\t\t\t\t\t\t\t\t<figcaption class=\"widget-image-caption wp-caption-text\">P\u00eale-m\u00eale de projets<\/figcaption>\n\t\t\t\t\t\t\t\t\t\t<\/figure>\n\t\t\t\t\t\t\t\t\t<\/div>\n\t\t\t\t<\/div>\n\t\t\t\t<\/div>\n\t\t<div class=\"elementor-element elementor-element-5e40e2b e-con-full e-flex e-con e-child\" data-id=\"5e40e2b\" data-element_type=\"container\" data-e-type=\"container\">\n\t\t\t\t<\/div>\n\t\t\t\t\t<\/div>\n\t\t\t\t<\/div>\n\t\t\t\t<\/div>\n\t\t","protected":false},"excerpt":{"rendered":"<p>LES PROJETS JL ARCHITECTES L&rsquo;agence JL Architectes Bordeaux est sp\u00e9cialis\u00e9e dans le logement. Vous pouvez ci-dessous acc\u00e9der \u00e0 nos projets mis en ligne. R\u00e9sidence Sansaumoine R\u00e9sidence Terr&rsquo;Acotta &#8211; Pessac R\u00e9sidence Tchanka R\u00e9sidence Quintessence &#8211; Pessac R\u00e9sidence Nuances &#8211; Villenave d&rsquo;Ornon R\u00e9sidence 32 logements &#8211; Ambar\u00e8s-et-Lagrave R\u00e9sidence l&rsquo;Essor &#8211; Rodez R\u00e9sidence 19 logements &#8211; Izon R\u00e9sidence [&hellip;]<\/p>\n","protected":false},"author":1,"featured_media":0,"parent":0,"menu_order":0,"comment_status":"closed","ping_status":"closed","template":"elementor_canvas","meta":{"_monsterinsights_skip_tracking":false,"_monsterinsights_sitenote_active":false,"_monsterinsights_sitenote_note":"","_monsterinsights_sitenote_category":0,"_uf_show_specific_survey":0,"_uf_disable_surveys":false,"footnotes":""},"class_list":["post-109","page","type-page","status-publish","hentry"],"aioseo_notices":[],"_links":{"self":[{"href":"https:\/\/jeromelorge.archi\/index.php\/wp-json\/wp\/v2\/pages\/109","targetHints":{"allow":["GET"]}}],"collection":[{"href":"https:\/\/jeromelorge.archi\/index.php\/wp-json\/wp\/v2\/pages"}],"about":[{"href":"https:\/\/jeromelorge.archi\/index.php\/wp-json\/wp\/v2\/types\/page"}],"author":[{"embeddable":true,"href":"https:\/\/jeromelorge.archi\/index.php\/wp-json\/wp\/v2\/users\/1"}],"replies":[{"embeddable":true,"href":"https:\/\/jeromelorge.archi\/index.php\/wp-json\/wp\/v2\/comments?post=109"}],"version-history":[{"count":252,"href":"https:\/\/jeromelorge.archi\/index.php\/wp-json\/wp\/v2\/pages\/109\/revisions"}],"predecessor-version":[{"id":2329,"href":"https:\/\/jeromelorge.archi\/index.php\/wp-json\/wp\/v2\/pages\/109\/revisions\/2329"}],"wp:attachment":[{"href":"https:\/\/jeromelorge.archi\/index.php\/wp-json\/wp\/v2\/media?parent=109"}],"curies":[{"name":"wp","href":"https:\/\/api.w.org\/{rel}","templated":true}]}}